{"id":5662,"date":"2020-07-08T09:37:10","date_gmt":"2020-07-08T08:37:10","guid":{"rendered":"https:\/\/brandmediadev.bflow-hosting.com\/home\/"},"modified":"2022-11-05T17:58:12","modified_gmt":"2022-11-05T16:58:12","slug":"home","status":"publish","type":"page","link":"https:\/\/www.brandmedia.cc\/it\/","title":{"rendered":"Pagina iniziale"},"content":{"rendered":"\t\t<div data-elementor-type=\"wp-page\" data-elementor-id=\"5662\" class=\"elementor elementor-5662 elementor-3536\" data-elementor-post-type=\"page\">\n\t\t\t\t\t\t<section class=\"elementor-section elementor-top-section elementor-element elementor-element-742107f elementor-section-boxed elementor-section-height-default elementor-section-height-default\" data-id=\"742107f\" data-element_type=\"section\" data-e-type=\"section\">\n\t\t\t\t\t\t<div class=\"elementor-container elementor-column-gap-default\">\n\t\t\t\t\t<div class=\"elementor-column elementor-col-33 elementor-top-column elementor-element elementor-element-38912b2 elementor-hidden-tablet elementor-hidden-phone\" data-id=\"38912b2\" data-element_type=\"column\" data-e-type=\"column\">\n\t\t\t<div class=\"elementor-widget-wrap elementor-element-populated\">\n\t\t\t\t\t\t<div class=\"elementor-element elementor-element-9c53de2 elementor-invisible elementor-widget elementor-widget-text-editor\" data-id=\"9c53de2\" data-element_type=\"widget\" data-e-type=\"widget\" id=\"start\" data-settings=\"{&quot;_animation&quot;:&quot;fadeInUp&quot;}\" data-widget_type=\"text-editor.default\">\n\t\t\t\t\t\t\t\t\t<h1 style=\"font-size: 20px;\"><strong>brandmedia KG<\/strong><br \/><strong>PR e comunicazione<\/strong><\/h1><p>Anichstra\u00dfe 10<br \/>6020 Innsbruck,<br \/>Austria<br \/><a href=\"tel:00435223228220\">Tel.: +43 512 312 118 &#8211; 0<\/a><\/p><p>Lenaugasse 11\/3\/30<br \/>1080 Vienna, Austria<br \/><a href=\"tel:004313481108\">Tel.: +43 1 348 11 08<\/a><\/p><p><a href=\"mailto:office&#64;brandmedia&#46;&#99;&#99;\">office&#64;&#98;&#114;&#97;&#110;&#100;&#109;&#x65;&#x64;&#x69;&#x61;&#x2e;&#x63;&#x63;<\/a><\/p>\t\t\t\t\t\t\t\t<\/div>\n\t\t\t\t<div class=\"elementor-element elementor-element-1838fee elementor-widget elementor-widget-heading\" data-id=\"1838fee\" data-element_type=\"widget\" data-e-type=\"widget\" data-widget_type=\"heading.default\">\n\t\t\t\t\t<div class=\"elementor-heading-title elementor-size-default\">Raccontiamo storie per condividere con gli altri ci\u00f2 che ci pi\u00f9 ci sta a cuore.  Le storie trasmettono sapere, risvegliano l\u2019interesse e offrono ispirazione. Le storie sono un punto di contatto tra le persone.<\/div>\t\t\t\t<\/div>\n\t\t\t\t<div class=\"elementor-element elementor-element-8b56277 elementor-widget elementor-widget-image\" data-id=\"8b56277\" data-element_type=\"widget\" data-e-type=\"widget\" data-widget_type=\"image.default\">\n\t\t\t\t\t\t\t\t\t\t\t\t\t\t\t<img fetchpriority=\"high\" decoding=\"async\" width=\"300\" height=\"300\" src=\"https:\/\/www.brandmedia.cc\/wp-content\/uploads\/01_BM_Logo_b.png\" class=\"attachment-large size-large wp-image-3545\" alt=\"\" srcset=\"https:\/\/www.brandmedia.cc\/wp-content\/uploads\/01_BM_Logo_b.png 300w, https:\/\/www.brandmedia.cc\/wp-content\/uploads\/01_BM_Logo_b-150x150.png 150w\" sizes=\"(max-width: 300px) 100vw, 300px\" \/>\t\t\t\t\t\t\t\t\t\t\t\t\t\t\t<\/div>\n\t\t\t\t\t<\/div>\n\t\t<\/div>\n\t\t\t\t<div class=\"elementor-column elementor-col-66 elementor-top-column elementor-element elementor-element-2572f2d\" data-id=\"2572f2d\" data-element_type=\"column\" data-e-type=\"column\">\n\t\t\t<div class=\"elementor-widget-wrap elementor-element-populated\">\n\t\t\t\t\t\t<div class=\"elementor-element elementor-element-ca00cfa elementor-widget elementor-widget-heading\" data-id=\"ca00cfa\" data-element_type=\"widget\" data-e-type=\"widget\" data-widget_type=\"heading.default\">\n\t\t\t\t\t<h2 class=\"elementor-heading-title elementor-size-default\"><span style=\"font-size: 34px;font-style: normal;font-weight: 700;margin-bottom: 20px;clear: both;line-height: 1.3;white-space: normal\">Dietro ogni marchio c\u2019\u00e8 una storia emozionante. Aiutiamo i nostri clienti a raccontarla e a condividerla.<\/span><\/h2>\t\t\t\t<\/div>\n\t\t\t\t<div class=\"elementor-element elementor-element-eedb8e0 elementor-widget elementor-widget-text-editor\" data-id=\"eedb8e0\" data-element_type=\"widget\" data-e-type=\"widget\" data-widget_type=\"text-editor.default\">\n\t\t\t\t\t\t\t\t\t<p>brandmedia \u00e8 un\u2019agenzia di marketing, PR e di produzione di contenuti e video con sede a Hall in Tirol e Vienna. Assistiamo clienti che operano nel settore commerciale, turistico, immobiliare, dell\u2019industria e dei servizi in Austria, Alto Adige e Germania.<\/p>\n\t\t\t\t\t\t\t\t<\/div>\n\t\t\t\t<div class=\"elementor-element elementor-element-40c57c4 elementor-widget elementor-widget-button\" data-id=\"40c57c4\" data-element_type=\"widget\" data-e-type=\"widget\" data-widget_type=\"button.default\">\n\t\t\t\t\t\t\t\t\t\t<a class=\"elementor-button elementor-button-link elementor-size-sm elementor-animation-grow\" href=\"https:\/\/www.brandmedia.cc\/it\/chi-siamo\/\">\n\t\t\t\t\t\t<span class=\"elementor-button-content-wrapper\">\n\t\t\t\t\t\t\t\t\t<span class=\"elementor-button-text\">Maggior informazioni su di noi<\/span>\n\t\t\t\t\t<\/span>\n\t\t\t\t\t<\/a>\n\t\t\t\t\t\t\t\t<\/div>\n\t\t\t\t\t<\/div>\n\t\t<\/div>\n\t\t\t\t\t<\/div>\n\t\t<\/section>\n\t\t\t\t<section class=\"elementor-section elementor-top-section elementor-element elementor-element-817002f elementor-section-boxed elementor-section-height-default elementor-section-height-default\" data-id=\"817002f\" data-element_type=\"section\" data-e-type=\"section\">\n\t\t\t\t\t\t<div class=\"elementor-container elementor-column-gap-default\">\n\t\t\t\t\t<div class=\"elementor-column elementor-col-100 elementor-top-column elementor-element elementor-element-a197108\" data-id=\"a197108\" data-element_type=\"column\" data-e-type=\"column\">\n\t\t\t<div class=\"elementor-widget-wrap elementor-element-populated\">\n\t\t\t\t\t\t<div class=\"elementor-element elementor-element-cf418db elementor-widget elementor-widget-heading\" data-id=\"cf418db\" data-element_type=\"widget\" data-e-type=\"widget\" data-widget_type=\"heading.default\">\n\t\t\t\t\t<h2 class=\"elementor-heading-title elementor-size-default\">Cosa possiamo fare per voi<\/h2>\t\t\t\t<\/div>\n\t\t\t\t<section class=\"elementor-section elementor-inner-section elementor-element elementor-element-fd5bae7 elementor-section-boxed elementor-section-height-default elementor-section-height-default\" data-id=\"fd5bae7\" data-element_type=\"section\" data-e-type=\"section\">\n\t\t\t\t\t\t<div class=\"elementor-container elementor-column-gap-default\">\n\t\t\t\t\t<div class=\"elementor-column elementor-col-50 elementor-inner-column elementor-element elementor-element-7bce7e9\" data-id=\"7bce7e9\" data-element_type=\"column\" data-e-type=\"column\" data-settings=\"{&quot;background_background&quot;:&quot;classic&quot;}\">\n\t\t\t<div class=\"elementor-widget-wrap elementor-element-populated\">\n\t\t\t\t\t\t<div class=\"elementor-element elementor-element-5ef989a elementor-widget elementor-widget-spacer\" data-id=\"5ef989a\" data-element_type=\"widget\" data-e-type=\"widget\" data-widget_type=\"spacer.default\">\n\t\t\t\t\t\t\t<div class=\"elementor-spacer\">\n\t\t\t<div class=\"elementor-spacer-inner\"><\/div>\n\t\t<\/div>\n\t\t\t\t\t\t<\/div>\n\t\t\t\t\t<\/div>\n\t\t<\/div>\n\t\t\t\t<div class=\"elementor-column elementor-col-50 elementor-inner-column elementor-element elementor-element-6de2bfd\" data-id=\"6de2bfd\" data-element_type=\"column\" data-e-type=\"column\" data-settings=\"{&quot;background_background&quot;:&quot;classic&quot;}\">\n\t\t\t<div class=\"elementor-widget-wrap elementor-element-populated\">\n\t\t\t\t\t\t<div class=\"elementor-element elementor-element-c3a708f elementor-widget elementor-widget-heading\" data-id=\"c3a708f\" data-element_type=\"widget\" data-e-type=\"widget\" data-widget_type=\"heading.default\">\n\t\t\t\t\t<h3 class=\"elementor-heading-title elementor-size-default\">Tutto ha inizio da un obiettivo.<\/h3>\t\t\t\t<\/div>\n\t\t\t\t<div class=\"elementor-element elementor-element-4b7a19e elementor-widget elementor-widget-text-editor\" data-id=\"4b7a19e\" data-element_type=\"widget\" data-e-type=\"widget\" data-widget_type=\"text-editor.default\">\n\t\t\t\t\t\t\t\t\t<p>Il nostro lavoro si fonda sui vostri obiettivi aziendali, le esigenze dei vostri gruppi di riferimento e il DNA del vostro marchio. Sviluppiamo insieme a voi un\u2019idea comunicativa di base personalizzata e un piano per raggiungere i vostri obiettivi. Vi aiutiamo a preparare e trasmettere i vostri messaggi su una vasta gamma di canali di comunicazione. Nel fare ci\u00f2, vi offriamo il nostro supporto in modo del tutto flessibile, a seconda delle vostre esigenze, sia che abbiate bisogno di un sparring partner, di un fornitore di servizi o di un ufficio di comunicazione esterno.<\/p>\n\t\t\t\t\t\t\t\t<\/div>\n\t\t\t\t<div class=\"elementor-element elementor-element-3e2fe63 elementor-icon-list--layout-traditional elementor-list-item-link-full_width elementor-widget elementor-widget-icon-list\" data-id=\"3e2fe63\" data-element_type=\"widget\" data-e-type=\"widget\" data-widget_type=\"icon-list.default\">\n\t\t\t\t\t\t\t<ul class=\"elementor-icon-list-items\">\n\t\t\t\t\t\t\t<li class=\"elementor-icon-list-item\">\n\t\t\t\t\t\t\t\t\t\t\t<a href=\"https:\/\/www.brandmedia.cc\/it\/servizi\/\">\n\n\t\t\t\t\t\t\t\t\t\t\t\t<span class=\"elementor-icon-list-icon\">\n\t\t\t\t\t\t\t<i aria-hidden=\"true\" class=\"fas fa-chevron-right\"><\/i>\t\t\t\t\t\t<\/span>\n\t\t\t\t\t\t\t\t\t\t<span class=\"elementor-icon-list-text\">I nostri servizi<\/span>\n\t\t\t\t\t\t\t\t\t\t\t<\/a>\n\t\t\t\t\t\t\t\t\t<\/li>\n\t\t\t\t\t\t<\/ul>\n\t\t\t\t\t\t<\/div>\n\t\t\t\t\t<\/div>\n\t\t<\/div>\n\t\t\t\t\t<\/div>\n\t\t<\/section>\n\t\t\t\t<div class=\"elementor-element elementor-element-690925f uael-equal__height-yes elementor-widget elementor-widget-uael-posts\" data-id=\"690925f\" data-element_type=\"widget\" data-e-type=\"widget\" data-settings=\"{&quot;classic_slides_to_show_tablet&quot;:1,&quot;classic_slides_to_show&quot;:3,&quot;classic_slides_to_show_mobile&quot;:1,&quot;classic_show_filters&quot;:&quot;no&quot;}\" data-widget_type=\"uael-posts.classic\">\n\t\t\t\t<div class=\"elementor-widget-container\">\n\t\t\t\t\t\t\t<div class=\"uael-post__header\">\n\t\t\t\t\t<\/div>\n\t\t<div class=\"uael-post__body\">\n\t\t\t\n\t\t\n\t\t<div class=\"uael-blog-terms-position- uael-post-image-none uael-post-grid uael-posts\" data-query-type=\"custom\" data-structure=\"normal\" data-layout=\"\" data-page=\"5662\" data-skin=\"classic\" data-filter-default=\"\" data-offset-top=\"30\" >\n\n\t\t\t\t\t\t\t<div class=\"uael-post-grid__inner uael-post__columns-3 uael-post__columns-tablet-1 uael-post__columns-mobile-1\">\n\t\t\t\n<div class=\"uael-post-wrapper   \">\n\t<div class=\"uael-post__bg-wrap uael-bg-wrap-disabled \">\n\n\t\t\t\t\n\t\t<div class=\"uael-post__inner-wrap uael-inner-wrap-disabled\">\n\n\t\t\n\t\t\t\n\t\t\t<div class=\"uael-post__content-wrap uael-content-wrap-disabled\">\n\t\t\t\t\t<h3 class=\"uael-post__title\">\n\n\t\t\n\t\t\t\t\t\t<a href=\"https:\/\/www.brandmedia.cc\/it\/servizi\/lavoro-mediatico\/\" target=\"_self\">\n\t\t\t\tStrategia\t\t\t<\/a>\n\n\t\t\t\t<\/h3>\n\t\t\t\t\t<\/div>\n\t\t\t\n\t\t<\/div>\n\t\t\n\t<\/div>\n\n<\/div>\n\n<div class=\"uael-post-wrapper   \">\n\t<div class=\"uael-post__bg-wrap uael-bg-wrap-disabled \">\n\n\t\t\t\t\n\t\t<div class=\"uael-post__inner-wrap uael-inner-wrap-disabled\">\n\n\t\t\n\t\t\t\n\t\t\t<div class=\"uael-post__content-wrap uael-content-wrap-disabled\">\n\t\t\t\t\t<h3 class=\"uael-post__title\">\n\n\t\t\n\t\t\t\t\t\t<a href=\"https:\/\/www.brandmedia.cc\/it\/servizi\/corporate-publishing\/\" target=\"_self\">\n\t\t\t\tCorporate Publishing\t\t\t<\/a>\n\n\t\t\t\t<\/h3>\n\t\t\t\t\t<\/div>\n\t\t\t\n\t\t<\/div>\n\t\t\n\t<\/div>\n\n<\/div>\n\n<div class=\"uael-post-wrapper   \">\n\t<div class=\"uael-post__bg-wrap uael-bg-wrap-disabled \">\n\n\t\t\t\t\n\t\t<div class=\"uael-post__inner-wrap uael-inner-wrap-disabled\">\n\n\t\t\n\t\t\t\n\t\t\t<div class=\"uael-post__content-wrap uael-content-wrap-disabled\">\n\t\t\t\t\t<h3 class=\"uael-post__title\">\n\n\t\t\n\t\t\t\t\t\t<a href=\"https:\/\/www.brandmedia.cc\/it\/servizi\/comunicazione-strategica\/\" target=\"_self\">\n\t\t\t\tContent Marketing\t\t\t<\/a>\n\n\t\t\t\t<\/h3>\n\t\t\t\t\t<\/div>\n\t\t\t\n\t\t<\/div>\n\t\t\n\t<\/div>\n\n<\/div>\n\n<div class=\"uael-post-wrapper   \">\n\t<div class=\"uael-post__bg-wrap uael-bg-wrap-disabled \">\n\n\t\t\t\t\n\t\t<div class=\"uael-post__inner-wrap uael-inner-wrap-disabled\">\n\n\t\t\n\t\t\t\n\t\t\t<div class=\"uael-post__content-wrap uael-content-wrap-disabled\">\n\t\t\t\t\t<h3 class=\"uael-post__title\">\n\n\t\t\n\t\t\t\t\t\t<a href=\"https:\/\/www.brandmedia.cc\/it\/servizi\/relazioni-pubbliche\/\" target=\"_self\">\n\t\t\t\tRelazioni pubbliche\t\t\t<\/a>\n\n\t\t\t\t<\/h3>\n\t\t\t\t\t<\/div>\n\t\t\t\n\t\t<\/div>\n\t\t\n\t<\/div>\n\n<\/div>\n\n<div class=\"uael-post-wrapper   \">\n\t<div class=\"uael-post__bg-wrap uael-bg-wrap-disabled \">\n\n\t\t\t\t\n\t\t<div class=\"uael-post__inner-wrap uael-inner-wrap-disabled\">\n\n\t\t\n\t\t\t\n\t\t\t<div class=\"uael-post__content-wrap uael-content-wrap-disabled\">\n\t\t\t\t\t<h3 class=\"uael-post__title\">\n\n\t\t\n\t\t\t\t\t\t<a href=\"https:\/\/www.brandmedia.cc\/it\/servizi\/video\/\" target=\"_self\">\n\t\t\t\tVideo\t\t\t<\/a>\n\n\t\t\t\t<\/h3>\n\t\t\t\t\t<\/div>\n\t\t\t\n\t\t<\/div>\n\t\t\n\t<\/div>\n\n<\/div>\n\n<div class=\"uael-post-wrapper   \">\n\t<div class=\"uael-post__bg-wrap uael-bg-wrap-disabled \">\n\n\t\t\t\t\n\t\t<div class=\"uael-post__inner-wrap uael-inner-wrap-disabled\">\n\n\t\t\n\t\t\t\n\t\t\t<div class=\"uael-post__content-wrap uael-content-wrap-disabled\">\n\t\t\t\t\t<h3 class=\"uael-post__title\">\n\n\t\t\n\t\t\t\t\t\t<a href=\"https:\/\/www.brandmedia.cc\/it\/servizi\/creazione-e-campagna\/\" target=\"_self\">\n\t\t\t\tCreazione e campagna\t\t\t<\/a>\n\n\t\t\t\t<\/h3>\n\t\t\t\t\t<\/div>\n\t\t\t\n\t\t<\/div>\n\t\t\n\t<\/div>\n\n<\/div>\n\t\t\t\t<\/div>\n\t\t\t\t\t\t\n\t\t<\/div>\n\n\t\t\t\t\t\t<\/div>\n\t\t<div class=\"uael-post__footer\">\n\t\t\t\t\t<\/div>\n\t\t\t\t\t\t<\/div>\n\t\t\t\t<\/div>\n\t\t\t\t\t<\/div>\n\t\t<\/div>\n\t\t\t\t\t<\/div>\n\t\t<\/section>\n\t\t\t\t<section class=\"elementor-section elementor-top-section elementor-element elementor-element-da607dc elementor-section-boxed elementor-section-height-default elementor-section-height-default\" data-id=\"da607dc\" data-element_type=\"section\" data-e-type=\"section\">\n\t\t\t\t\t\t<div class=\"elementor-container elementor-column-gap-default\">\n\t\t\t\t\t<div class=\"elementor-column elementor-col-100 elementor-top-column elementor-element elementor-element-376ac02\" data-id=\"376ac02\" data-element_type=\"column\" data-e-type=\"column\">\n\t\t\t<div class=\"elementor-widget-wrap elementor-element-populated\">\n\t\t\t\t\t\t<div class=\"elementor-element elementor-element-6df2294 elementor-widget elementor-widget-heading\" data-id=\"6df2294\" data-element_type=\"widget\" data-e-type=\"widget\" data-widget_type=\"heading.default\">\n\t\t\t\t\t<h2 class=\"elementor-heading-title elementor-size-default\"> <\/h2>\t\t\t\t<\/div>\n\t\t\t\t<div class=\"elementor-element elementor-element-5c4dd16 elementor-pagination-position-outside elementor-widget elementor-widget-image-carousel\" data-id=\"5c4dd16\" data-element_type=\"widget\" data-e-type=\"widget\" data-settings=\"{&quot;slides_to_show&quot;:&quot;5&quot;,&quot;slides_to_show_tablet&quot;:&quot;3&quot;,&quot;slides_to_show_mobile&quot;:&quot;2&quot;,&quot;slides_to_scroll&quot;:&quot;1&quot;,&quot;slides_to_scroll_tablet&quot;:&quot;1&quot;,&quot;slides_to_scroll_mobile&quot;:&quot;1&quot;,&quot;navigation&quot;:&quot;dots&quot;,&quot;pause_on_hover&quot;:&quot;no&quot;,&quot;pause_on_interaction&quot;:&quot;no&quot;,&quot;autoplay_speed&quot;:3500,&quot;image_spacing_custom&quot;:{&quot;unit&quot;:&quot;px&quot;,&quot;size&quot;:50,&quot;sizes&quot;:[]},&quot;autoplay&quot;:&quot;yes&quot;,&quot;infinite&quot;:&quot;yes&quot;,&quot;speed&quot;:500,&quot;image_spacing_custom_tablet&quot;:{&quot;unit&quot;:&quot;px&quot;,&quot;size&quot;:&quot;&quot;,&quot;sizes&quot;:[]},&quot;image_spacing_custom_mobile&quot;:{&quot;unit&quot;:&quot;px&quot;,&quot;size&quot;:&quot;&quot;,&quot;sizes&quot;:[]}}\" data-widget_type=\"image-carousel.default\">\n\t\t\t\t\t\t\t<div class=\"elementor-image-carousel-wrapper swiper\" role=\"region\" aria-roledescription=\"carousel\" aria-label=\"Carosello d&#039;immagini\" dir=\"ltr\">\n\t\t\t<div class=\"elementor-image-carousel swiper-wrapper\" aria-live=\"off\">\n\t\t\t\t\t\t\t\t<div class=\"swiper-slide\" role=\"group\" aria-roledescription=\"slide\" aria-label=\"1 di 7\"><figure class=\"swiper-slide-inner\"><img decoding=\"async\" class=\"swiper-slide-image\" src=\"https:\/\/www.brandmedia.cc\/wp-content\/uploads\/800x800-dress-768x768.png\" alt=\"Drees &amp; Sommer\" \/><\/figure><\/div><div class=\"swiper-slide\" role=\"group\" aria-roledescription=\"slide\" aria-label=\"2 di 7\"><figure class=\"swiper-slide-inner\"><img decoding=\"async\" class=\"swiper-slide-image\" src=\"https:\/\/www.brandmedia.cc\/wp-content\/uploads\/800x800_evelina-768x768.png\" alt=\"800x800_evelina\" \/><\/figure><\/div><div class=\"swiper-slide\" role=\"group\" aria-roledescription=\"slide\" aria-label=\"3 di 7\"><figure class=\"swiper-slide-inner\"><img decoding=\"async\" class=\"swiper-slide-image\" src=\"https:\/\/www.brandmedia.cc\/wp-content\/uploads\/800x800-technoalpin-768x768.png\" alt=\"Techno Alpin\" \/><\/figure><\/div><div class=\"swiper-slide\" role=\"group\" aria-roledescription=\"slide\" aria-label=\"4 di 7\"><figure class=\"swiper-slide-inner\"><img decoding=\"async\" class=\"swiper-slide-image\" src=\"https:\/\/www.brandmedia.cc\/wp-content\/uploads\/800x800-west-1-768x768.png\" alt=\"Einkaufszentrum West\" \/><\/figure><\/div><div class=\"swiper-slide\" role=\"group\" aria-roledescription=\"slide\" aria-label=\"5 di 7\"><figure class=\"swiper-slide-inner\"><img decoding=\"async\" class=\"swiper-slide-image\" src=\"https:\/\/www.brandmedia.cc\/wp-content\/uploads\/rl-768x768.png\" alt=\"rl\" \/><\/figure><\/div><div class=\"swiper-slide\" role=\"group\" aria-roledescription=\"slide\" aria-label=\"6 di 7\"><figure class=\"swiper-slide-inner\"><img decoding=\"async\" class=\"swiper-slide-image\" src=\"https:\/\/www.brandmedia.cc\/wp-content\/uploads\/800x800-kaunertaler-gletscher-768x768.png\" alt=\"Kaunertaler Gletscher\" \/><\/figure><\/div><div class=\"swiper-slide\" role=\"group\" aria-roledescription=\"slide\" aria-label=\"7 di 7\"><figure class=\"swiper-slide-inner\"><img decoding=\"async\" class=\"swiper-slide-image\" src=\"https:\/\/www.brandmedia.cc\/wp-content\/uploads\/800x800-sportler-768x768.png\" alt=\"Sportler\" \/><\/figure><\/div>\t\t\t<\/div>\n\t\t\t\t\t\t\t\n\t\t\t\t\t\t\t\t\t<div class=\"swiper-pagination\"><\/div>\n\t\t\t\t\t\t\t\t\t<\/div>\n\t\t\t\t\t\t<\/div>\n\t\t\t\t\t<\/div>\n\t\t<\/div>\n\t\t\t\t\t<\/div>\n\t\t<\/section>\n\t\t\t\t<section class=\"elementor-section elementor-top-section elementor-element elementor-element-e366500 elementor-section-boxed elementor-section-height-default elementor-section-height-default\" data-id=\"e366500\" data-element_type=\"section\" data-e-type=\"section\" data-settings=\"{&quot;background_background&quot;:&quot;classic&quot;}\">\n\t\t\t\t\t\t<div class=\"elementor-container elementor-column-gap-default\">\n\t\t\t\t\t<div class=\"elementor-column elementor-col-100 elementor-top-column elementor-element elementor-element-c79845f\" data-id=\"c79845f\" data-element_type=\"column\" data-e-type=\"column\">\n\t\t\t<div class=\"elementor-widget-wrap elementor-element-populated\">\n\t\t\t\t\t\t<div class=\"elementor-element elementor-element-9b2b289 elementor-widget elementor-widget-heading\" data-id=\"9b2b289\" data-element_type=\"widget\" data-e-type=\"widget\" data-widget_type=\"heading.default\">\n\t\t\t\t\t<p class=\"elementor-heading-title elementor-size-default\">Avete una domanda o desiderate raccontarci la vostra storia?<br>Contattateci: saremo felici di ricevere la vostra richiesta.<\/p>\t\t\t\t<\/div>\n\t\t\t\t<div class=\"elementor-element elementor-element-7f55f61 elementor-align-center elementor-widget elementor-widget-button\" data-id=\"7f55f61\" data-element_type=\"widget\" data-e-type=\"widget\" data-widget_type=\"button.default\">\n\t\t\t\t\t\t\t\t\t\t<a class=\"elementor-button elementor-button-link elementor-size-sm elementor-animation-grow\" href=\"https:\/\/www.brandmedia.cc\/it\/contatto\/\">\n\t\t\t\t\t\t<span class=\"elementor-button-content-wrapper\">\n\t\t\t\t\t\t\t\t\t<span class=\"elementor-button-text\">Contatta ora<\/span>\n\t\t\t\t\t<\/span>\n\t\t\t\t\t<\/a>\n\t\t\t\t\t\t\t\t<\/div>\n\t\t\t\t\t<\/div>\n\t\t<\/div>\n\t\t\t\t\t<\/div>\n\t\t<\/section>\n\t\t\t\t<section class=\"elementor-section elementor-top-section elementor-element elementor-element-7230c30 elementor-section-boxed elementor-section-height-default elementor-section-height-default\" data-id=\"7230c30\" data-element_type=\"section\" data-e-type=\"section\">\n\t\t\t\t\t\t<div class=\"elementor-container elementor-column-gap-default\">\n\t\t\t\t\t<div class=\"elementor-column elementor-col-100 elementor-top-column elementor-element elementor-element-66a51c8\" data-id=\"66a51c8\" data-element_type=\"column\" data-e-type=\"column\">\n\t\t\t<div class=\"elementor-widget-wrap elementor-element-populated\">\n\t\t\t\t\t\t<section class=\"elementor-section elementor-inner-section elementor-element elementor-element-45221ea elementor-section-boxed elementor-section-height-default elementor-section-height-default\" data-id=\"45221ea\" data-element_type=\"section\" data-e-type=\"section\">\n\t\t\t\t\t\t<div class=\"elementor-container elementor-column-gap-default\">\n\t\t\t\t\t<div class=\"elementor-column elementor-col-50 elementor-inner-column elementor-element elementor-element-1058b4a\" data-id=\"1058b4a\" data-element_type=\"column\" data-e-type=\"column\">\n\t\t\t<div class=\"elementor-widget-wrap elementor-element-populated\">\n\t\t\t\t\t\t<div class=\"elementor-element elementor-element-ea7d8f4 elementor-widget elementor-widget-heading\" data-id=\"ea7d8f4\" data-element_type=\"widget\" data-e-type=\"widget\" data-widget_type=\"heading.default\">\n\t\t\t\t\t<h2 class=\"elementor-heading-title elementor-size-default\">Novit\u00e0 dal mondo Brandmedia.<\/h2>\t\t\t\t<\/div>\n\t\t\t\t\t<\/div>\n\t\t<\/div>\n\t\t\t\t<div class=\"elementor-column elementor-col-50 elementor-inner-column elementor-element elementor-element-0460084\" data-id=\"0460084\" data-element_type=\"column\" data-e-type=\"column\">\n\t\t\t<div class=\"elementor-widget-wrap elementor-element-populated\">\n\t\t\t\t\t\t<div class=\"elementor-element elementor-element-d24e3c4 elementor-align-end elementor-mobile-align-start elementor-icon-list--layout-traditional elementor-list-item-link-full_width elementor-widget elementor-widget-icon-list\" data-id=\"d24e3c4\" data-element_type=\"widget\" data-e-type=\"widget\" data-widget_type=\"icon-list.default\">\n\t\t\t\t\t\t\t<ul class=\"elementor-icon-list-items\">\n\t\t\t\t\t\t\t<li class=\"elementor-icon-list-item\">\n\t\t\t\t\t\t\t\t\t\t\t<a href=\"https:\/\/www.brandmedia.cc\/it\/servizio-stampa\/\">\n\n\t\t\t\t\t\t\t\t\t\t\t\t<span class=\"elementor-icon-list-icon\">\n\t\t\t\t\t\t\t<i aria-hidden=\"true\" class=\"fas fa-chevron-right\"><\/i>\t\t\t\t\t\t<\/span>\n\t\t\t\t\t\t\t\t\t\t<span class=\"elementor-icon-list-text\">Servizio stampa<\/span>\n\t\t\t\t\t\t\t\t\t\t\t<\/a>\n\t\t\t\t\t\t\t\t\t<\/li>\n\t\t\t\t\t\t<\/ul>\n\t\t\t\t\t\t<\/div>\n\t\t\t\t\t<\/div>\n\t\t<\/div>\n\t\t\t\t\t<\/div>\n\t\t<\/section>\n\t\t\t\t<div class=\"elementor-element elementor-element-5636a3b uael-post__link-complete-yes uael-equal__height-yes elementor-widget elementor-widget-uael-posts\" data-id=\"5636a3b\" data-element_type=\"widget\" data-e-type=\"widget\" data-settings=\"{&quot;classic_slides_to_show&quot;:3,&quot;classic_slides_to_show_tablet&quot;:2,&quot;classic_slides_to_show_mobile&quot;:1}\" data-widget_type=\"uael-posts.classic\">\n\t\t\t\t<div class=\"elementor-widget-container\">\n\t\t\t\t\t\t\t<div class=\"uael-post__header\">\n\t\t\t\t\t<\/div>\n\t\t<div class=\"uael-post__body\">\n\t\t\t\n\t\t\n\t\t<div class=\"uael-blog-terms-position- uael-post-image-top uael-post-grid uael-posts uael-post_structure-featured uael-featured_post_structure-inline\" data-query-type=\"custom\" data-structure=\"featured\" data-layout=\"\" data-page=\"5662\" data-skin=\"classic\" data-filter-default=\"\" data-offset-top=\"30\" >\n\n\t\t\t\t\t\t\t<div class=\"uael-post-grid__inner uael-post__columns-3 uael-post__columns-tablet-2 uael-post__columns-mobile-1\">\n\t\t\t\n<div class=\"uael-post-wrapper  uael-post-wrapper-featured \">\n\t<div class=\"uael-post__bg-wrap uael-bg-wrap-disabled \">\n\n\t\t\t\t\t<a href=\"https:\/\/www.brandmedia.cc\/it\/medienlounge\/robotik-ready-gebaeude-drees-sommer-und-neura-robotics-legen-grundlagen-fuer-den-einsatz-von-robotik-im-gebaeudebetrieb\/\" target=\"_self\" class=\"uael-post__complete-box-overlay\" aria-label=\"Collegamento a tutta la casella\"><\/a>\n\t\t\t\t\n\t\t<div class=\"uael-post__inner-wrap uael-inner-wrap-disabled\">\n\n\t\t\t\t<div class=\"uael-post__thumbnail\">\n\t\t\t\n\t\t\t<a href=\"https:\/\/www.brandmedia.cc\/it\/medienlounge\/robotik-ready-gebaeude-drees-sommer-und-neura-robotics-legen-grundlagen-fuer-den-einsatz-von-robotik-im-gebaeudebetrieb\/\" target=\"_self\" title=\"Robotik-ready Geb\u00e4ude: Drees &#038; Sommer und NEURA Robotics legen Grundlagen f\u00fcr den Einsatz von Robotik im Geb\u00e4udebetrieb\"><img decoding=\"async\" src=\"https:\/\/www.brandmedia.cc\/wp-content\/uploads\/elementor\/thumbs\/Kognitive-Roboter-\u00a9-NEURA-Robotics-rsgob5s6wr3n9conlaf1xmbo8dv4x36x5mxes3ki74.jpg\" title=\"Digitale Helfer im Alltag: Kognitive Roboter entlasten Menschen dort, wo Personal fehlt. \u00a9 NEURA Robotics\" alt=\"Digitale Helfer im Alltag: Kognitive Roboter entlasten Menschen dort, wo Personal fehlt. \u00a9 NEURA Robotics\" loading=\"lazy\" \/><\/a>\n\t\t\t\t\t<\/div>\n\t\t\n\t\t\t\n\t\t\t<div class=\"uael-post__content-wrap uael-content-wrap-disabled\">\n\t\t\t\t\t<h3 class=\"uael-post__title\">\n\n\t\t\n\t\t\t\t\t\t<a href=\"https:\/\/www.brandmedia.cc\/it\/medienlounge\/robotik-ready-gebaeude-drees-sommer-und-neura-robotics-legen-grundlagen-fuer-den-einsatz-von-robotik-im-gebaeudebetrieb\/\" target=\"_self\">\n\t\t\t\tRobotik-ready Geb\u00e4ude: Drees &#038; Sommer und NEURA Robotics legen Grundlagen f\u00fcr den Einsatz von Robotik im Geb\u00e4udebetrieb\t\t\t<\/a>\n\n\t\t\t\t<\/h3>\n\t\t\t\t<div class=\"uael-post__excerpt\">\n\t\t\t<p>Fachkr\u00e4ftemangel, steigende Kosten und Anforderungen an Hygiene und Verf\u00fcgbarkeit stellen das Facility Management vor immer gr\u00f6\u00dfere Herausforderungen. Robotik gilt dabei als m\u00f6glicher L\u00f6sungsansatz \u2013 ihre Einsatzm\u00f6glichkeiten h\u00e4ngen jedoch ma\u00dfgeblich von den Voraussetzungen im Geb\u00e4ude ab. Drees &#038; Sommer und NEURA Robotics starteten dieses Jahr eine strategische Partnerschaft, um Geb\u00e4ude k\u00fcnftig so zu gestalten, dass Menschen und Roboter im Betrieb nahtlos und in Echtzeit zusammenarbeiten k\u00f6nnen.<\/p>\n\t\t<\/div>\n\t\t\t\t\t<a class=\"uael-post__read-more elementor-button\" href=\"https:\/\/www.brandmedia.cc\/it\/medienlounge\/robotik-ready-gebaeude-drees-sommer-und-neura-robotics-legen-grundlagen-fuer-den-einsatz-von-robotik-im-gebaeudebetrieb\/\" target=\"_self\" aria-labelledby=\"uael-post-13691\">\n\t\t\t\t\t<span class=\"elementor-button-content-wrapper\">\n\t\t\t\t\t\t\t\t\t\t\t\t\t\t<span class=\"elementor-button-icon elementor-align-icon-left\">\n\n\t\t\t\t\t\t\t\t\t<i aria-hidden=\"true\" class=\"fas fa-chevron-right\"><\/i>\n\t\t\t\t\t\t\t\t<\/span>\n\t\t\t\t\t\t\t\t\t\t\t\t\t\n\t\t\t\t\t\t<span class=\"elementor-button-text\" id=uael-post-13691>Continua a leggere<\/span>\n\t\t\t\t\t<\/span>\n\t\t\t\t<\/a>\n\t\t\t\t\t\t<\/div>\n\t\t\t\n\t\t<\/div>\n\t\t\n\t<\/div>\n\n<\/div>\n\n<div class=\"uael-post-wrapper   \">\n\t<div class=\"uael-post__bg-wrap uael-bg-wrap-disabled \">\n\n\t\t\t\t\t<a href=\"https:\/\/www.brandmedia.cc\/it\/medienlounge\/raiffeisen-wohnbau-20-wohnungen-in-innsbruck-amras-fertiggestellt\/\" target=\"_self\" class=\"uael-post__complete-box-overlay\" aria-label=\"Collegamento a tutta la casella\"><\/a>\n\t\t\t\t\n\t\t<div class=\"uael-post__inner-wrap uael-inner-wrap-disabled\">\n\n\t\t\t\t<div class=\"uael-post__thumbnail\">\n\t\t\t\n\t\t\t<a href=\"https:\/\/www.brandmedia.cc\/it\/medienlounge\/raiffeisen-wohnbau-20-wohnungen-in-innsbruck-amras-fertiggestellt\/\" target=\"_self\" title=\"Raiffeisen Wohnbau: 20 Wohnungen in Innsbruck-Amras fertiggestellt\"><img decoding=\"async\" src=\"https:\/\/www.brandmedia.cc\/wp-content\/uploads\/elementor\/thumbs\/Raiffeisen-Wohnbau-Algunder-Strasse-rrjyhskmjktr3x1askckeygr8yszzvpd6ct30ihyqo.jpg\" title=\"Visualisierung Algunder Stra\u00dfe, Innsbruck \u00a9 JAMJAM\" alt=\"Visualisierung Algunder Stra\u00dfe, Innsbruck \u00a9 JAMJAM\" loading=\"lazy\" \/><\/a>\n\t\t\t\t\t<\/div>\n\t\t\n\t\t\t\n\t\t\t<div class=\"uael-post__content-wrap uael-content-wrap-disabled\">\n\t\t\t\t\t<h3 class=\"uael-post__title\">\n\n\t\t\n\t\t\t\t\t\t<a href=\"https:\/\/www.brandmedia.cc\/it\/medienlounge\/raiffeisen-wohnbau-20-wohnungen-in-innsbruck-amras-fertiggestellt\/\" target=\"_self\">\n\t\t\t\tRaiffeisen Wohnbau: 20 Wohnungen in Innsbruck-Amras fertiggestellt\t\t\t<\/a>\n\n\t\t\t\t<\/h3>\n\t\t\n\t\t<div class=\"uael-post__excerpt\">\n\t\t\tIm Juli 2026 stellte der Bautr\u00e4ger Raiffeisen Wohnbau sein neuestes Quality Living-Projekt in der Algunder Stra\u00dfe 6 fertig. Aktuell sind nur noch wenige Wohnungen verf\u00fcgbar, ...\t\t<\/div>\n\n\t\t\t\t\t<a class=\"uael-post__read-more elementor-button\" href=\"https:\/\/www.brandmedia.cc\/it\/medienlounge\/raiffeisen-wohnbau-20-wohnungen-in-innsbruck-amras-fertiggestellt\/\" target=\"_self\" aria-labelledby=\"uael-post-13677\">\n\t\t\t\t\t<span class=\"elementor-button-content-wrapper\">\n\t\t\t\t\t\t\t\t\t\t\t\t\t\t<span class=\"elementor-button-icon elementor-align-icon-left\">\n\n\t\t\t\t\t\t\t\t\t<i aria-hidden=\"true\" class=\"fas fa-chevron-right\"><\/i>\n\t\t\t\t\t\t\t\t<\/span>\n\t\t\t\t\t\t\t\t\t\t\t\t\t\n\t\t\t\t\t\t<span class=\"elementor-button-text\" id=uael-post-13677>Continua a leggere<\/span>\n\t\t\t\t\t<\/span>\n\t\t\t\t<\/a>\n\t\t\t\t\t\t<\/div>\n\t\t\t\n\t\t<\/div>\n\t\t\n\t<\/div>\n\n<\/div>\n\n<div class=\"uael-post-wrapper   \">\n\t<div class=\"uael-post__bg-wrap uael-bg-wrap-disabled \">\n\n\t\t\t\t\t<a href=\"https:\/\/www.brandmedia.cc\/it\/medienlounge\/michael-soschner-uebernimmt-standortleitung-von-drees-sommer-in-innsbruck\/\" target=\"_self\" class=\"uael-post__complete-box-overlay\" aria-label=\"Collegamento a tutta la casella\"><\/a>\n\t\t\t\t\n\t\t<div class=\"uael-post__inner-wrap uael-inner-wrap-disabled\">\n\n\t\t\t\t<div class=\"uael-post__thumbnail\">\n\t\t\t\n\t\t\t<a href=\"https:\/\/www.brandmedia.cc\/it\/medienlounge\/michael-soschner-uebernimmt-standortleitung-von-drees-sommer-in-innsbruck\/\" target=\"_self\" title=\"Michael Soschner \u00fcbernimmt Standortleitung von Drees &#038; Sommer in Innsbruck\"><img decoding=\"async\" src=\"https:\/\/www.brandmedia.cc\/wp-content\/uploads\/elementor\/thumbs\/Michael-Soschner-Drees-Sommer-Oesterreich-\u00a9-bazzoka-creative-rr0xae0lbl0cd7tf3xzftovgg9av4nthq1fuih3sio.jpg\" title=\"Michael Soschner, Drees &amp; Sommer \u00d6sterreich \u00a9 bazzoka creative\" alt=\"Michael Soschner, Drees &amp; Sommer \u00d6sterreich \u00a9 bazzoka creative\" loading=\"lazy\" \/><\/a>\n\t\t\t\t\t<\/div>\n\t\t\n\t\t\t\n\t\t\t<div class=\"uael-post__content-wrap uael-content-wrap-disabled\">\n\t\t\t\t\t<h3 class=\"uael-post__title\">\n\n\t\t\n\t\t\t\t\t\t<a href=\"https:\/\/www.brandmedia.cc\/it\/medienlounge\/michael-soschner-uebernimmt-standortleitung-von-drees-sommer-in-innsbruck\/\" target=\"_self\">\n\t\t\t\tMichael Soschner \u00fcbernimmt Standortleitung von Drees &#038; Sommer in Innsbruck\t\t\t<\/a>\n\n\t\t\t\t<\/h3>\n\t\t\n\t\t<div class=\"uael-post__excerpt\">\n\t\t\tMichael Soschner ist neuer Standortleiter des Immobilienberatungs- und Projektmanagementunternehmens Drees &amp; Sommer \u00d6sterreich in Innsbruck. Soschner bringt mehr als 20 Jahre Erfahrung in Projektsteuerung, Bauherrenvertretung ...\t\t<\/div>\n\n\t\t\t\t\t<a class=\"uael-post__read-more elementor-button\" href=\"https:\/\/www.brandmedia.cc\/it\/medienlounge\/michael-soschner-uebernimmt-standortleitung-von-drees-sommer-in-innsbruck\/\" target=\"_self\" aria-labelledby=\"uael-post-13585\">\n\t\t\t\t\t<span class=\"elementor-button-content-wrapper\">\n\t\t\t\t\t\t\t\t\t\t\t\t\t\t<span class=\"elementor-button-icon elementor-align-icon-left\">\n\n\t\t\t\t\t\t\t\t\t<i aria-hidden=\"true\" class=\"fas fa-chevron-right\"><\/i>\n\t\t\t\t\t\t\t\t<\/span>\n\t\t\t\t\t\t\t\t\t\t\t\t\t\n\t\t\t\t\t\t<span class=\"elementor-button-text\" id=uael-post-13585>Continua a leggere<\/span>\n\t\t\t\t\t<\/span>\n\t\t\t\t<\/a>\n\t\t\t\t\t\t<\/div>\n\t\t\t\n\t\t<\/div>\n\t\t\n\t<\/div>\n\n<\/div>\n\n<div class=\"uael-post-wrapper   \">\n\t<div class=\"uael-post__bg-wrap uael-bg-wrap-disabled \">\n\n\t\t\t\t\t<a href=\"https:\/\/www.brandmedia.cc\/it\/medienlounge\/neuer-anlaufpunkt-fuer-kreative-boesner-hat-im-ekz-west-eroeffnet\/\" target=\"_self\" class=\"uael-post__complete-box-overlay\" aria-label=\"Collegamento a tutta la casella\"><\/a>\n\t\t\t\t\n\t\t<div class=\"uael-post__inner-wrap uael-inner-wrap-disabled\">\n\n\t\t\t\t<div class=\"uael-post__thumbnail\">\n\t\t\t\n\t\t\t<a href=\"https:\/\/www.brandmedia.cc\/it\/medienlounge\/neuer-anlaufpunkt-fuer-kreative-boesner-hat-im-ekz-west-eroeffnet\/\" target=\"_self\" title=\"Neuer Anlaufpunkt f\u00fcr Kreative: boesner hat im EKZ west er\u00f6ffnet\"><img decoding=\"async\" src=\"https:\/\/www.brandmedia.cc\/wp-content\/uploads\/elementor\/thumbs\/Eroeffnung-boesner-EKZ-west-Sascha-Kuntel-Max-Stomm-\u00a9-EKZ-west-rpt4et6i94h213w4wcg4fai1w3gzldgskm1ii8ykgw.jpg\" title=\"Sascha Kuntel (Gesch\u00e4ftsf\u00fchrer von boesner \u00d6sterreich) mit Max Stomm (Center Manager und Eigent\u00fcmervertreter des EKZ west) \u00a9 EKZ west\" alt=\"Sascha Kuntel (Gesch\u00e4ftsf\u00fchrer von boesner \u00d6sterreich) mit Max Stomm (Center Manager und Eigent\u00fcmervertreter des EKZ west) \u00a9 EKZ west\" loading=\"lazy\" \/><\/a>\n\t\t\t\t\t<\/div>\n\t\t\n\t\t\t\n\t\t\t<div class=\"uael-post__content-wrap uael-content-wrap-disabled\">\n\t\t\t\t\t<h3 class=\"uael-post__title\">\n\n\t\t\n\t\t\t\t\t\t<a href=\"https:\/\/www.brandmedia.cc\/it\/medienlounge\/neuer-anlaufpunkt-fuer-kreative-boesner-hat-im-ekz-west-eroeffnet\/\" target=\"_self\">\n\t\t\t\tNeuer Anlaufpunkt f\u00fcr Kreative: boesner hat im EKZ west er\u00f6ffnet\t\t\t<\/a>\n\n\t\t\t\t<\/h3>\n\t\t\n\t\t<div class=\"uael-post__excerpt\">\n\t\t\tMit boesner hat heute einer der f\u00fchrenden Fachh\u00e4ndler f\u00fcr professionelle K\u00fcnstlermaterialien in Europa seinen ersten Standort in West\u00f6sterreich er\u00f6ffnet. Auf mehr als 1.200 Quadratmetern bietet ...\t\t<\/div>\n\n\t\t\t\t\t<a class=\"uael-post__read-more elementor-button\" href=\"https:\/\/www.brandmedia.cc\/it\/medienlounge\/neuer-anlaufpunkt-fuer-kreative-boesner-hat-im-ekz-west-eroeffnet\/\" target=\"_self\" aria-labelledby=\"uael-post-13556\">\n\t\t\t\t\t<span class=\"elementor-button-content-wrapper\">\n\t\t\t\t\t\t\t\t\t\t\t\t\t\t<span class=\"elementor-button-icon elementor-align-icon-left\">\n\n\t\t\t\t\t\t\t\t\t<i aria-hidden=\"true\" class=\"fas fa-chevron-right\"><\/i>\n\t\t\t\t\t\t\t\t<\/span>\n\t\t\t\t\t\t\t\t\t\t\t\t\t\n\t\t\t\t\t\t<span class=\"elementor-button-text\" id=uael-post-13556>Continua a leggere<\/span>\n\t\t\t\t\t<\/span>\n\t\t\t\t<\/a>\n\t\t\t\t\t\t<\/div>\n\t\t\t\n\t\t<\/div>\n\t\t\n\t<\/div>\n\n<\/div>\n\n<div class=\"uael-post-wrapper   \">\n\t<div class=\"uael-post__bg-wrap uael-bg-wrap-disabled \">\n\n\t\t\t\t\t<a href=\"https:\/\/www.brandmedia.cc\/it\/medienlounge\/35-jahre-drees-sommer-oesterreich-vom-wiener-buero-zum-oesterreichweiten-projektpartner\/\" target=\"_self\" class=\"uael-post__complete-box-overlay\" aria-label=\"Collegamento a tutta la casella\"><\/a>\n\t\t\t\t\n\t\t<div class=\"uael-post__inner-wrap uael-inner-wrap-disabled\">\n\n\t\t\t\t<div class=\"uael-post__thumbnail\">\n\t\t\t\n\t\t\t<a href=\"https:\/\/www.brandmedia.cc\/it\/medienlounge\/35-jahre-drees-sommer-oesterreich-vom-wiener-buero-zum-oesterreichweiten-projektpartner\/\" target=\"_self\" title=\"35 Jahre Drees &#038; Sommer \u00d6sterreich: Vom Wiener B\u00fcro zum \u00f6sterreichweiten Projektpartner\"><img decoding=\"async\" src=\"https:\/\/www.brandmedia.cc\/wp-content\/uploads\/elementor\/thumbs\/35-Jahre-Drees-Sommer-Oesterreich_\u00a9_Nadine-Studeny-rpgz4zozpd3yujrh2cvt06nni2w75sjalub5ajifxc.jpg\" title=\"V.l.n.r.: Gerald Herndlhofer, Nicole Rumpler, Georg Stadlhofer (alle Gesch\u00e4ftsf\u00fchrung Drees &amp; Sommer \u00d6sterreich) und Marc Sch\u00f6mbs (Vorstand Drees &amp; Sommer SE) Credit: Nadine Studeny\" alt=\"V.l.n.r.: Gerald Herndlhofer, Nicole Rumpler, Georg Stadlhofer (alle Gesch\u00e4ftsf\u00fchrung Drees &amp; Sommer \u00d6sterreich) und Marc Sch\u00f6mbs (Vorstand Drees &amp; Sommer SE)\nCredit: Nadine Studeny\" loading=\"lazy\" \/><\/a>\n\t\t\t\t\t<\/div>\n\t\t\n\t\t\t\n\t\t\t<div class=\"uael-post__content-wrap uael-content-wrap-disabled\">\n\t\t\t\t\t<h3 class=\"uael-post__title\">\n\n\t\t\n\t\t\t\t\t\t<a href=\"https:\/\/www.brandmedia.cc\/it\/medienlounge\/35-jahre-drees-sommer-oesterreich-vom-wiener-buero-zum-oesterreichweiten-projektpartner\/\" target=\"_self\">\n\t\t\t\t35 Jahre Drees &#038; Sommer \u00d6sterreich: Vom Wiener B\u00fcro zum \u00f6sterreichweiten Projektpartner\t\t\t<\/a>\n\n\t\t\t\t<\/h3>\n\t\t\n\t\t<div class=\"uael-post__excerpt\">\n\t\t\tVor 35 Jahren er\u00f6ffnete Drees &amp; Sommer seinen ersten Standort in Wien. Heute ist das Unternehmen mit rund 150 Mitarbeitenden an sechs Standorten in \u00d6sterreich ...\t\t<\/div>\n\n\t\t\t\t\t<a class=\"uael-post__read-more elementor-button\" href=\"https:\/\/www.brandmedia.cc\/it\/medienlounge\/35-jahre-drees-sommer-oesterreich-vom-wiener-buero-zum-oesterreichweiten-projektpartner\/\" target=\"_self\" aria-labelledby=\"uael-post-13533\">\n\t\t\t\t\t<span class=\"elementor-button-content-wrapper\">\n\t\t\t\t\t\t\t\t\t\t\t\t\t\t<span class=\"elementor-button-icon elementor-align-icon-left\">\n\n\t\t\t\t\t\t\t\t\t<i aria-hidden=\"true\" class=\"fas fa-chevron-right\"><\/i>\n\t\t\t\t\t\t\t\t<\/span>\n\t\t\t\t\t\t\t\t\t\t\t\t\t\n\t\t\t\t\t\t<span class=\"elementor-button-text\" id=uael-post-13533>Continua a leggere<\/span>\n\t\t\t\t\t<\/span>\n\t\t\t\t<\/a>\n\t\t\t\t\t\t<\/div>\n\t\t\t\n\t\t<\/div>\n\t\t\n\t<\/div>\n\n<\/div>\n\t\t\t\t<\/div>\n\t\t\t\t\t\t\n\t\t<\/div>\n\n\t\t\t\t\t\t<\/div>\n\t\t<div class=\"uael-post__footer\">\n\t\t\t\t\t<\/div>\n\t\t\t\t\t\t<\/div>\n\t\t\t\t<\/div>\n\t\t\t\t\t<\/div>\n\t\t<\/div>\n\t\t\t\t\t<\/div>\n\t\t<\/section>\n\t\t\t\t<section class=\"elementor-section elementor-top-section elementor-element elementor-element-426ee85 elementor-section-full_width elementor-section-height-default elementor-section-height-default\" data-id=\"426ee85\" data-element_type=\"section\" data-e-type=\"section\">\n\t\t\t\t\t\t<div class=\"elementor-container elementor-column-gap-default\">\n\t\t\t\t\t<div class=\"elementor-column elementor-col-66 elementor-top-column elementor-element elementor-element-967c628\" data-id=\"967c628\" data-element_type=\"column\" data-e-type=\"column\" data-settings=\"{&quot;background_background&quot;:&quot;classic&quot;}\">\n\t\t\t<div class=\"elementor-widget-wrap elementor-element-populated\">\n\t\t\t\t\t\t\t<\/div>\n\t\t<\/div>\n\t\t\t\t<div class=\"elementor-column elementor-col-33 elementor-top-column elementor-element elementor-element-7e1dec7\" data-id=\"7e1dec7\" data-element_type=\"column\" data-e-type=\"column\">\n\t\t\t<div class=\"elementor-widget-wrap elementor-element-populated\">\n\t\t\t\t\t\t<div class=\"elementor-element elementor-element-073def5 elementor-widget elementor-widget-image\" data-id=\"073def5\" data-element_type=\"widget\" data-e-type=\"widget\" data-widget_type=\"image.default\">\n\t\t\t\t\t\t\t\t\t\t\t\t\t\t\t\t<a href=\"https:\/\/www.brandmedia.cc\/it\/contatto\/\">\n\t\t\t\t\t\t\t<img fetchpriority=\"high\" decoding=\"async\" width=\"300\" height=\"300\" src=\"https:\/\/www.brandmedia.cc\/wp-content\/uploads\/01_BM_Logo_b.png\" class=\"attachment-large size-large wp-image-3545\" alt=\"\" srcset=\"https:\/\/www.brandmedia.cc\/wp-content\/uploads\/01_BM_Logo_b.png 300w, https:\/\/www.brandmedia.cc\/wp-content\/uploads\/01_BM_Logo_b-150x150.png 150w\" sizes=\"(max-width: 300px) 100vw, 300px\" \/>\t\t\t\t\t\t\t\t<\/a>\n\t\t\t\t\t\t\t\t\t\t\t\t\t\t\t<\/div>\n\t\t\t\t<div class=\"elementor-element elementor-element-d882574 elementor-widget elementor-widget-text-editor\" data-id=\"d882574\" data-element_type=\"widget\" data-e-type=\"widget\" data-widget_type=\"text-editor.default\">\n\t\t\t\t\t\t\t\t\t<p><em>\u201cGrazie alla digitalizzazione in crescita e alla connessione in rete nella nostra societ\u00e0, \u00e8 sempre pi\u00f9 facile entrare in contatto con i gruppi target in maniera diretta. Al tempo stesso per\u00f2 l\u2019attenzione dimostrata \u00e8 in calo. Le persone tendono sempre pi\u00f9 a evitare i messaggi pubblicitari goffi e maldestri. L\u2019attenzione \u00e8 qualcosa che le aziende devono imparare a guadagnarsi.\u201d<\/em><\/p>\n\t\t\t\t\t\t\t\t<\/div>\n\t\t\t\t<div class=\"elementor-element elementor-element-925f3af elementor-widget elementor-widget-text-editor\" data-id=\"925f3af\" data-element_type=\"widget\" data-e-type=\"widget\" data-widget_type=\"text-editor.default\">\n\t\t\t\t\t\t\t\t\t<p>Patrick Bock,<br \/>\nbrandmedia<\/p>\n\t\t\t\t\t\t\t\t<\/div>\n\t\t\t\t\t<\/div>\n\t\t<\/div>\n\t\t\t\t\t<\/div>\n\t\t<\/section>\n\t\t\t\t<\/div>\n\t\t","protected":false},"excerpt":{"rendered":"<p>brandmedia KGPR e comunicazione Anichstra\u00dfe 106020 Innsbruck,AustriaTel.: +43 512 312 118 &#8211; 0 Lenaugasse 11\/3\/301080 Vienna, AustriaTel.: +43 1 348 11 08 &#x6f;f&#x66;&#105;&#x63;&#101;&#64;&#x62;&#114;&#x61;&#110;d&#x6d;&#101;&#x64;&#105;a&#x2e;c&#x63; Raccontiamo storie per condividere con gli altri ci\u00f2 che ci pi\u00f9 ci sta a cuore. Le storie trasmettono sapere, risvegliano l\u2019interesse e offrono ispirazione. Le storie sono un punto di contatto tra [&hellip;]<\/p>\n","protected":false},"author":15,"featured_media":0,"parent":0,"menu_order":0,"comment_status":"closed","ping_status":"closed","template":"","meta":{"_acf_changed":false,"content-type":"","site-sidebar-layout":"no-sidebar","site-content-layout":"page-builder","ast-site-content-layout":"full-width-container","site-content-style":"unboxed","site-sidebar-style":"default","ast-global-header-display":"","ast-banner-title-visibility":"","ast-main-header-display":"","ast-hfb-above-header-display":"","ast-hfb-below-header-display":"","ast-hfb-mobile-header-display":"","site-post-title":"disabled","ast-breadcrumbs-content":"","ast-featured-img":"disabled","footer-sml-layout":"","ast-disable-related-posts":"","theme-transparent-header-meta":"default","adv-header-id-meta":"","stick-header-meta":"","header-above-stick-meta":"","header-main-stick-meta":"","header-below-stick-meta":"","astra-migrate-meta-layouts":"default","ast-page-background-enabled":"default","ast-page-background-meta":{"desktop":{"background-color":"","background-image":"","background-repeat":"repeat","background-position":"center center","background-size":"auto","background-attachment":"scroll","background-type":"","background-media":"","overlay-type":"","overlay-color":"","overlay-opacity":"","overlay-gradient":""},"tablet":{"background-color":"","background-image":"","background-repeat":"repeat","background-position":"center center","background-size":"auto","background-attachment":"scroll","background-type":"","background-media":"","overlay-type":"","overlay-color":"","overlay-opacity":"","overlay-gradient":""},"mobile":{"background-color":"","background-image":"","background-repeat":"repeat","background-position":"center center","background-size":"auto","background-attachment":"scroll","background-type":"","background-media":"","overlay-type":"","overlay-color":"","overlay-opacity":"","overlay-gradient":""}},"ast-content-background-meta":{"desktop":{"background-color":"var(--ast-global-color-5)","background-image":"","background-repeat":"repeat","background-position":"center center","background-size":"auto","background-attachment":"scroll","background-type":"","background-media":"","overlay-type":"","overlay-color":"","overlay-opacity":"","overlay-gradient":""},"tablet":{"background-color":"var(--ast-global-color-5)","background-image":"","background-repeat":"repeat","background-position":"center center","background-size":"auto","background-attachment":"scroll","background-type":"","background-media":"","overlay-type":"","overlay-color":"","overlay-opacity":"","overlay-gradient":""},"mobile":{"background-color":"var(--ast-global-color-5)","background-image":"","background-repeat":"repeat","background-position":"center center","background-size":"auto","background-attachment":"scroll","background-type":"","background-media":"","overlay-type":"","overlay-color":"","overlay-opacity":"","overlay-gradient":""}},"footnotes":""},"class_list":["post-5662","page","type-page","status-publish","hentry"],"acf":[],"publishpress_future_workflow_manual_trigger":{"enabledWorkflows":[]},"_links":{"self":[{"href":"https:\/\/www.brandmedia.cc\/it\/wp-json\/wp\/v2\/pages\/5662","targetHints":{"allow":["GET"]}}],"collection":[{"href":"https:\/\/www.brandmedia.cc\/it\/wp-json\/wp\/v2\/pages"}],"about":[{"href":"https:\/\/www.brandmedia.cc\/it\/wp-json\/wp\/v2\/types\/page"}],"author":[{"embeddable":true,"href":"https:\/\/www.brandmedia.cc\/it\/wp-json\/wp\/v2\/users\/15"}],"replies":[{"embeddable":true,"href":"https:\/\/www.brandmedia.cc\/it\/wp-json\/wp\/v2\/comments?post=5662"}],"version-history":[{"count":0,"href":"https:\/\/www.brandmedia.cc\/it\/wp-json\/wp\/v2\/pages\/5662\/revisions"}],"wp:attachment":[{"href":"https:\/\/www.brandmedia.cc\/it\/wp-json\/wp\/v2\/media?parent=5662"}],"curies":[{"name":"wp","href":"https:\/\/api.w.org\/{rel}","templated":true}]}}