{"version":"1.0","provider_name":"Brandmedia","provider_url":"https:\/\/www.brandmedia.cc\/it\/","title":"Startschuss f\u00fcr S\u00fcdtiroler Privatvermieter-Akademie - Brandmedia","type":"rich","width":600,"height":338,"html":"<blockquote class=\"wp-embedded-content\" data-secret=\"0h8kKF80RQ\"><a href=\"https:\/\/www.brandmedia.cc\/it\/medienlounge\/startschuss-fuer-suedtiroler-privatvermieter-akademie\/\">Startschuss f\u00fcr S\u00fcdtiroler Privatvermieter-Akademie<\/a><\/blockquote><iframe sandbox=\"allow-scripts\" security=\"restricted\" src=\"https:\/\/www.brandmedia.cc\/it\/medienlounge\/startschuss-fuer-suedtiroler-privatvermieter-akademie\/embed\/#?secret=0h8kKF80RQ\" width=\"600\" height=\"338\" title=\"&#8220;Startschuss f\u00fcr S\u00fcdtiroler Privatvermieter-Akademie&#8221; &#8212; Brandmedia\" data-secret=\"0h8kKF80RQ\" frameborder=\"0\" marginwidth=\"0\" marginheight=\"0\" scrolling=\"no\" class=\"wp-embedded-content\"><\/iframe><script>\n\/*! This file is auto-generated *\/\n!function(d,l){\"use strict\";l.querySelector&&d.addEventListener&&\"undefined\"!=typeof URL&&(d.wp=d.wp||{},d.wp.receiveEmbedMessage||(d.wp.receiveEmbedMessage=function(e){var t=e.data;if((t||t.secret||t.message||t.value)&&!\/[^a-zA-Z0-9]\/.test(t.secret)){for(var s,r,n,a=l.querySelectorAll('iframe[data-secret=\"'+t.secret+'\"]'),o=l.querySelectorAll('blockquote[data-secret=\"'+t.secret+'\"]'),c=new RegExp(\"^https?:$\",\"i\"),i=0;i<o.length;i++)o[i].style.display=\"none\";for(i=0;i<a.length;i++)s=a[i],e.source===s.contentWindow&&(s.removeAttribute(\"style\"),\"height\"===t.message?(1e3<(r=parseInt(t.value,10))?r=1e3:~~r<200&&(r=200),s.height=r):\"link\"===t.message&&(r=new URL(s.getAttribute(\"src\")),n=new URL(t.value),c.test(n.protocol))&&n.host===r.host&&l.activeElement===s&&(d.top.location.href=t.value))}},d.addEventListener(\"message\",d.wp.receiveEmbedMessage,!1),l.addEventListener(\"DOMContentLoaded\",function(){for(var e,t,s=l.querySelectorAll(\"iframe.wp-embedded-content\"),r=0;r<s.length;r++)(t=(e=s[r]).getAttribute(\"data-secret\"))||(t=Math.random().toString(36).substring(2,12),e.src+=\"#?secret=\"+t,e.setAttribute(\"data-secret\",t)),e.contentWindow.postMessage({message:\"ready\",secret:t},\"*\")},!1)))}(window,document);\n\/\/# sourceURL=https:\/\/www.brandmedia.cc\/wp-includes\/js\/wp-embed.min.js\n<\/script>\n","thumbnail_url":"https:\/\/www.brandmedia.cc\/wp-content\/uploads\/VPS.jpg","thumbnail_width":3000,"thumbnail_height":2000,"description":"Ende 2024 hat s\u00fcdtirol privat, der Verband der Privatvermieter in S\u00fcdtirol, die Akademie f\u00fcr Privatvermieter gegr\u00fcndet. Nach einer breit angelegten Mitgliederbefragung wurde ein umfassendes Fortbildungsprogramm zusammengestellt. Am 10. Februar 2025 startet der erste Kurs."}